{"version":"1.0","provider_name":"Ignacio Bartesaghi","provider_url":"https:\/\/ibartesaghi.com\/wp","author_name":"Administrator","author_url":"https:\/\/ibartesaghi.com\/wp\/author\/administrator\/","title":"Dos a\u00f1os de la guerra en Ucrania - Ignacio Bartesaghi","type":"rich","width":600,"height":338,"html":"<blockquote class=\"wp-embedded-content\" data-secret=\"YOHLWQtIeb\"><a href=\"https:\/\/ibartesaghi.com\/wp\/2024\/02\/24\/dos-anos-de-la-guerra-en-ucrania\/\">Dos a\u00f1os de la guerra en Ucrania<\/a><\/blockquote><iframe sandbox=\"allow-scripts\" security=\"restricted\" src=\"https:\/\/ibartesaghi.com\/wp\/2024\/02\/24\/dos-anos-de-la-guerra-en-ucrania\/embed\/#?secret=YOHLWQtIeb\" width=\"600\" height=\"338\" title=\"\u00abDos a\u00f1os de la guerra en Ucrania\u00bb \u2014 Ignacio Bartesaghi\" data-secret=\"YOHLWQtIeb\" frameborder=\"0\" marginwidth=\"0\" marginheight=\"0\" scrolling=\"no\" class=\"wp-embedded-content\"><\/iframe><script>\n\/*! This file is auto-generated *\/\n!function(c,d){\"use strict\";var e=!1,o=!1;if(d.querySelector)if(c.addEventListener)e=!0;if(c.wp=c.wp||{},c.wp.receiveEmbedMessage);else if(c.wp.receiveEmbedMessage=function(e){var t=e.data;if(!t);else if(!(t.secret||t.message||t.value));else if(\/[^a-zA-Z0-9]\/.test(t.secret));else{for(var r,s,a,i=d.querySelectorAll('iframe[data-secret=\"'+t.secret+'\"]'),n=d.querySelectorAll('blockquote[data-secret=\"'+t.secret+'\"]'),o=new RegExp(\"^https?:$\",\"i\"),l=0;l<n.length;l++)n[l].style.display=\"none\";for(l=0;l<i.length;l++)if(r=i[l],e.source!==r.contentWindow);else{if(r.removeAttribute(\"style\"),\"height\"===t.message){if(1e3<(s=parseInt(t.value,10)))s=1e3;else if(~~s<200)s=200;r.height=s}if(\"link\"===t.message)if(s=d.createElement(\"a\"),a=d.createElement(\"a\"),s.href=r.getAttribute(\"src\"),a.href=t.value,!o.test(a.protocol));else if(a.host===s.host)if(d.activeElement===r)c.top.location.href=t.value}}},e)c.addEventListener(\"message\",c.wp.receiveEmbedMessage,!1),d.addEventListener(\"DOMContentLoaded\",t,!1),c.addEventListener(\"load\",t,!1);function t(){if(o);else{o=!0;for(var e,t,r,s=-1!==navigator.appVersion.indexOf(\"MSIE 10\"),a=!!navigator.userAgent.match(\/Trident.*rv:11\\.\/),i=d.querySelectorAll(\"iframe.wp-embedded-content\"),n=0;n<i.length;n++){if(!(r=(t=i[n]).getAttribute(\"data-secret\")))r=Math.random().toString(36).substr(2,10),t.src+=\"#?secret=\"+r,t.setAttribute(\"data-secret\",r);if(s||a)(e=t.cloneNode(!0)).removeAttribute(\"security\"),t.parentNode.replaceChild(e,t);t.contentWindow.postMessage({message:\"ready\",secret:r},\"*\")}}}}(window,document);\n<\/script>\n","description":"Dos a\u00f1os de la guerra en Ucrania Ya hace dos a\u00f1os que Putin invadi\u00f3 Ucrania por segunda vez, la primera fue en 2014 con la Anexi\u00f3n de la Pen\u00ednsula de Crimea, una flagrante violaci\u00f3n del derecho internacional que fue el principio de su campa\u00f1a en el pa\u00eds europeo. Si bien en su momento existieron reclamos [&hellip;]","thumbnail_url":"https:\/\/ibartesaghi.com\/wp\/wp-content\/uploads\/2024\/02\/image1170x530cropped-1024x464.jpg"}